{"id":34,"date":"2008-06-20T10:20:46","date_gmt":"2008-06-20T09:20:46","guid":{"rendered":"http:\/\/tsaillard.free.fr\/wordpress\/?page_id=85"},"modified":"2019-05-28T20:22:18","modified_gmt":"2019-05-28T19:22:18","slug":"cc-des-monts-de-gy","status":"publish","type":"page","link":"http:\/\/www.choye.fr\/?page_id=34","title":{"rendered":"ComCom Monts de Gy"},"content":{"rendered":"<h3><strong><span style=\"color: #008000;\">La communaut\u00e9 de communes des Monts de Gy.<\/span><\/strong><\/h3>\n<p><img decoding=\"async\" loading=\"lazy\" class=\"alignnone  wp-image-7230\" src=\"http:\/\/www.choye.fr\/wp-content\/uploads\/2019\/05\/Carte-ccmgy_2019-300x218.png\" alt=\"\" width=\"340\" height=\"247\" srcset=\"http:\/\/www.choye.fr\/wp-content\/uploads\/2019\/05\/Carte-ccmgy_2019-300x218.png 300w, http:\/\/www.choye.fr\/wp-content\/uploads\/2019\/05\/Carte-ccmgy_2019-768x558.png 768w, http:\/\/www.choye.fr\/wp-content\/uploads\/2019\/05\/Carte-ccmgy_2019-1024x744.png 1024w, http:\/\/www.choye.fr\/wp-content\/uploads\/2019\/05\/Carte-ccmgy_2019.png 1243w\" sizes=\"(max-width: 340px) 100vw, 340px\" \/><\/p>\n<div class=\"page-header\">\n<h1>Les comp\u00e9tences<\/h1>\n<\/div>\n<h2>Am\u00e9nagement de l\u2019espace :<\/h2>\n<ul>\n<li>Elaboration d\u2019un Plan Local d\u2019Urbanisme communautaire,<\/li>\n<li>Gestion et entretien des circuits cyclotouristes et des itin\u00e9raires de promenade et de randonn\u00e9e,<\/li>\n<li>R\u00e9alisation d&rsquo;un sch\u00e9ma global d&rsquo;am\u00e9nagement du massif forestier,<\/li>\n<li>Elaboration, suivi et r\u00e9vision du Sch\u00e9ma de Comp\u00e9tence Territoriale.<\/li>\n<\/ul>\n<h2>Actions de d\u00e9veloppement \u00e9conomique :<\/h2>\n<ul>\n<li>Zones d\u2019activit\u00e9s \u00e9conomiques et b\u00e2timents industriels et artisanaux,<\/li>\n<li>Promotion et communication en vue de l\u2019implantation d\u2019activit\u00e9s \u00e9conomiques,<\/li>\n<li>Op\u00e9rations intercommunales de soutien au commerce et \u00e0 l\u2019artisanat de proximit\u00e9.<\/li>\n<\/ul>\n<h2>Protection et mise en valeur de l\u2019environnement :<\/h2>\n<ul>\n<li>R\u00e9habilitation des d\u00e9charges,<\/li>\n<li>Cr\u00e9ation de sites de d\u00e9p\u00f4ts de d\u00e9chets inertes et de d\u00e9chets verts,<\/li>\n<li>Elimination et valorisation des d\u00e9chets m\u00e9nagers,<\/li>\n<li>Protection des pelouses s\u00e8ches des Monts de Gy,<\/li>\n<li>Mise en place et gestion du service public d&rsquo;assainissement non collectif (SPANC).<\/li>\n<\/ul>\n<h2>Cr\u00e9ation, am\u00e9nagement et entretien de la voirie :<\/h2>\n<ul>\n<li>Travaux d\u2019investissement sur la voirie communautaire d\u2019int\u00e9r\u00eat communautaire.<\/li>\n<\/ul>\n<h2>OPAH<\/h2>\n<ul>\n<li>Mise en place de programmes d\u2019am\u00e9lioration de l\u2019habitat.<\/li>\n<\/ul>\n<h2>Accueil enfance jeunesse<\/h2>\n<ul>\n<li>Accueil p\u00e9riscolaire, accueil de loisirs sans h\u00e9bergement, accueil de jeunes, s\u00e9jours de vacances (camp).<\/li>\n<\/ul>\n<h2>Tourisme<\/h2>\n<ul>\n<li>D\u00e9veloppement touristique, et soutien \u00e0 l\u2019Office de Tourisme des Monts de Gy dans ses d\u00e9marches de promotion et d\u2019animation du territoire communautaire.<\/li>\n<\/ul>\n<h2>Accueil de la petite enfance<\/h2>\n<ul>\n<li>Accueil de la halte garderie itin\u00e9rante d\u00e9partementale ROUL\u2019TIBOU,<\/li>\n<li>Relais d&rsquo;Assistants Maternels communautaire,<\/li>\n<li>Equipements d&rsquo;accueil pour la petite enfance sous r\u00e9serve de mise \u00e0 disposition de b\u00e2timents par la commune site ; gestion du fonctionnement du service petite enfance,<\/li>\n<li>Micro-cr\u00e8ches<\/li>\n<\/ul>\n<h2>Association et culture<\/h2>\n<ul>\n<li>Eveil et \u00e9ducation artistique en milieu scolaire,<\/li>\n<li>Programmation culturelle li\u00e9e \u00e0 l\u2019implantation de la sc\u00e8ne de spectacles d\u00e9partementale itin\u00e9rante (La Bulle) ,<\/li>\n<li>Aide aux associations sportives, culturelles et de loisirs ,<\/li>\n<li>Aide au fonctionnement des cin\u00e9mas (Gy),<\/li>\n<li>Soutien des actions ou \u00e9v\u00e9nements culturels et sportifs d\u2019int\u00e9r\u00eat communautaire.<\/li>\n<\/ul>\n<h2>Divers<\/h2>\n<p>Couverture num\u00e9rique :<\/p>\n<ul>\n<li>Am\u00e9lioration de la couverture num\u00e9rique dans les zones non desservies en ADSL<\/li>\n<li>Etudes, \u00e9tablissement, exploitation, acquisition, mise \u00e0 disposition d&rsquo;infrastructures et r\u00e9seaux de t\u00e9l\u00e9communications et fournitures de services aux utilisateurs finals, conform\u00e9ment \u00e0 l&rsquo;article L.1425-1 du CGCT<\/li>\n<\/ul>\n<h3>Pour plus d&rsquo;informations : <a href=\"http:\/\/www.montsdegy.fr\/\">cliquez ici pour rejoindre le site internet<\/a><\/h3>\n","protected":false},"excerpt":{"rendered":"<p>La communaut\u00e9 de communes des Monts de Gy. Les comp\u00e9tences Am\u00e9nagement de l\u2019espace : Elaboration d\u2019un Plan Local d\u2019Urbanisme communautaire, Gestion et entretien des circuits cyclotouristes et des itin\u00e9raires de promenade et de randonn\u00e9e, R\u00e9alisation d&rsquo;un sch\u00e9ma global d&rsquo;am\u00e9nagement du &hellip; <a href=\"http:\/\/www.choye.fr\/?page_id=34\">Continuer la lecture <span class=\"meta-nav\">&rarr;<\/span><\/a><\/p>\n","protected":false},"author":1,"featured_media":0,"parent":10,"menu_order":6,"comment_status":"closed","ping_status":"closed","template":"","meta":{"ngg_post_thumbnail":0},"post_mailing_queue_ids":[],"_links":{"self":[{"href":"http:\/\/www.choye.fr\/index.php?rest_route=\/wp\/v2\/pages\/34"}],"collection":[{"href":"http:\/\/www.choye.fr\/index.php?rest_route=\/wp\/v2\/pages"}],"about":[{"href":"http:\/\/www.choye.fr\/index.php?rest_route=\/wp\/v2\/types\/page"}],"author":[{"embeddable":true,"href":"http:\/\/www.choye.fr\/index.php?rest_route=\/wp\/v2\/users\/1"}],"replies":[{"embeddable":true,"href":"http:\/\/www.choye.fr\/index.php?rest_route=%2Fwp%2Fv2%2Fcomments&post=34"}],"version-history":[{"count":5,"href":"http:\/\/www.choye.fr\/index.php?rest_route=\/wp\/v2\/pages\/34\/revisions"}],"predecessor-version":[{"id":7231,"href":"http:\/\/www.choye.fr\/index.php?rest_route=\/wp\/v2\/pages\/34\/revisions\/7231"}],"up":[{"embeddable":true,"href":"http:\/\/www.choye.fr\/index.php?rest_route=\/wp\/v2\/pages\/10"}],"wp:attachment":[{"href":"http:\/\/www.choye.fr\/index.php?rest_route=%2Fwp%2Fv2%2Fmedia&parent=34"}],"curies":[{"name":"wp","href":"https:\/\/api.w.org\/{rel}","templated":true}]}}